{"id":1822,"date":"2026-02-07T14:41:45","date_gmt":"2026-02-07T14:41:45","guid":{"rendered":"https:\/\/antn.pt\/?page_id=1822"},"modified":"2026-02-07T14:49:01","modified_gmt":"2026-02-07T14:49:01","slug":"pharol-54","status":"publish","type":"page","link":"http:\/\/antn.pt\/en\/colaboracoes\/colaboracoes-nacionais\/pharol-54\/","title":{"rendered":"Pharol 54"},"content":{"rendered":"<h4>PHAROL 54<\/h4>\n<h4><span style=\"font-size: large;\"><p style=\"color:#7f747487;\"><strong>DE THORSTEN GR\u00dcTJEN&nbsp;<\/strong><br><\/p><\/span><\/h4>\n\n\n\n\n\n\n\n\n\n<p style=\"text-align: justify; color: white; font-family: Roboto; font-size: small;\">Um faroleiro vive o seu \u00faltimo dia de trabalho no seu farol antes de ser substitu\u00eddo por um sistema automatizado. No fim do \u00faltimo dia de trabalho rev\u00ea os di\u00e1rios do farol e, com d\u00e9cadas de observa\u00e7\u00f5es e apontamentos nas suas m\u00e3os, v\u00eam as mem\u00f3rias sobre as perip\u00e9cias e acontecimentos ao longo da sua vida de faroleiro.<br>\nMem\u00f3rias de uma vida marcada pelo sobe e desce das escadas em espiral, pela manuten\u00e7\u00e3o da maquinaria, pelas observa\u00e7\u00f5es do tempo, do mar e da vida mar\u00edtima. Naufr\u00e1gios, tempestades enfrentadas, e objetos misteriosos trazidos pelas ondas fazem brevemente parte do passado.<br>\n<strong>PHAROL 54<\/strong> \u00e9 uma hist\u00f3ria de despedida, sobre luz, orienta\u00e7\u00e3o e esperan\u00e7a, uma hist\u00f3ria aqui onde a terra se acaba e o mar come\u00e7a.\n<br><br>\n\n<strong>PHAROL 54<\/strong> prop\u00f5e um di\u00e1logo entre o passado e o presente, entre a humanidade e o oceano. \u00c9 uma experi\u00eancia sensorial e emocional que liga o espectador \u00e0s for\u00e7as da natureza, aos desafios modernos e \u00e0 busca cont\u00ednua por orienta\u00e7\u00e3o e esperan\u00e7a.<br>\nEste projeto n\u00e3o \u00e9 apenas uma homenagem aos far\u00f3is e aos seus guardi\u00f5es, mas tamb\u00e9m um convite para que todos n\u00f3s nos tornemos far\u00f3is na constru\u00e7\u00e3o de um futuro mais sustent\u00e1vel e iluminado.<br>\nHoje em dia, os far\u00f3is s\u00e3o rel\u00edquias do passado, muitas vezes transformados em museus e atra\u00e7\u00f5es tur\u00edsticas. S\u00e3o lugares rom\u00e2nticos, cen\u00e1rios de fotografias e temas de postais.<br>\n<strong>PHAROL 54<\/strong> \u00e9 um espet\u00e1culo-instala\u00e7\u00e3o que utiliza a figura do farol como met\u00e1fora para explorar quest\u00f5es hist\u00f3ricas e humanas, inspirado pela resili\u00eancia dos faroleiros e pela evolu\u00e7\u00e3o tecnol\u00f3gica e promove uma reflex\u00e3o profunda sobre temas como a polui\u00e7\u00e3o mar\u00edtima, o impacto das altera\u00e7\u00f5es clim\u00e1ticas, o simbolismo espiritual do farol e o progresso humano.\n<\/p>\n\n\n\n\n\n\n\n<strong>ESPET\u00c1CULO DE CIRCO-TEATRO PARA ESPA\u00c7O P\u00daBLICO | M\/3<\/strong>\n\n\n\n\n\n\n\n\n\n\n\n\n\n\n\n\n\n\n\n\n\n\n\n\n<p style=\"text-align: justify; color: black; font-family: Roboto; font-size: 11px;\"><strong>FICHA ART\u00cdSTICA<\/strong><br>dire\u00e7\u00e3o art\u00edstica e interpreta\u00e7\u00e3o <strong>THORSTEN GR\u00dcTJEN<\/strong> | aconselhamento art\u00edstico <strong>CARLOS SANTOS<\/strong> | encena\u00e7\u00e3o <strong>S\u00c9RGIO FERNANDES<\/strong> | composi\u00e7\u00e3o musical <strong>ANDR\u00c9 DUARTE<\/strong> | figurino <strong>ANA BALEIA<\/strong> | cenografia <strong>JO\u00c3O PINTO\/PROJETO EZ &#8211; MANUEL HESS<\/strong> | fotografia <strong>JO\u00c3O MARIANO<\/strong> | fotografia do dossier <strong>J\u00dcRGEN MAI <\/strong>e <strong>DIOGO GRILO<\/strong> | design <strong>AXEL BLOTEVOGEL<\/strong> | \nv\u00eddeo <strong>DIOGO GRILO<\/strong> | acompanhamento na pesquisa antropol\u00f3gica <strong>VERA ABREU<\/strong> | apoio \u00e0 manipula\u00e7\u00e3o de objetos <strong>VASCO GOMES<\/strong> | apoio \u00e0 pesquisa <strong>JOAQUIM BOI\u00c7A<\/strong> | produ\u00e7\u00e3o t\u00e9cnica <strong>PAULO BRITES<\/strong> | gest\u00e3o financeira e acompanhamento de produ\u00e7\u00e3o <strong>MANUELA JORGE\/ANTN<\/strong> | produ\u00e7\u00e3o executiva <strong>CARACOL CULTURAL<\/strong> | coprodu\u00e7\u00e3o <strong>ERVA DANINHA, <\/strong>Porto, <strong>TEATRO VIRG\u00cdNIA, <\/strong>Torres Novas, <strong>ACERT, <\/strong>Tondela,<strong>TEATRO DO MAR, <\/strong>Sines | projeto financiado por <strong>REP\u00daBLICA PORTUGUESA &#8211; MINIST\u00c9RIO DA CULTURA, JUVENTUDE E DESPORTO <\/strong>e <strong>DIRE\u00c7\u00c3O-GERAL DAS ARTES<\/strong> | apoios <strong>KITZ THEATER KUMPANEI, <\/strong>Alemanha, <strong>M\u00c3OZORRA, <\/strong>Vila do Bispo, <strong>NUVEM VOADORA, <\/strong>Vila do Conde, <strong>TEATRO EXTREMO, <\/strong>Almada, <strong>FF SOLAR, <\/strong>Aljezur, <strong>FRANK LEHMANN, <\/strong>ideias em madeira, <strong>HOTEL FAROL, <\/strong>Praia da Barra | agradecimentos <strong>JOAQUIM BOI\u00c7A, ESPA\u00c7O E MEM\u00d3RIA <\/strong>associa\u00e7\u00e3o cultural, <strong>LAVRAR O MAR, ADAPCDE<\/strong><\/p>\n<p style=\"text-align: justify; color: black; font-family: Roboto; font-size: 11px;\">mais informa\u00e7\u00f5es em <a href=\"https:\/\/www.tosta-mista.net\/outros-projetos.html\"><strong>Tosta Mista<\/strong><\/a><\/p>\n\n\n\n\n\n\n\n\n\n\n\n<p><span style=\"font-size:x-small;\"><span style=\"\"><span style=\"\"><strong>Projeto financiado por<\/strong><\/span><\/span><\/span><\/p>","protected":false},"excerpt":{"rendered":"","protected":false},"author":1,"featured_media":0,"parent":1084,"menu_order":0,"comment_status":"closed","ping_status":"closed","template":"","meta":{"pagelayer_contact_templates":[],"_pagelayer_content":"","footnotes":""},"class_list":["post-1822","page","type-page","status-publish","hentry"],"_links":{"self":[{"href":"http:\/\/antn.pt\/en\/wp-json\/wp\/v2\/pages\/1822","targetHints":{"allow":["GET"]}}],"collection":[{"href":"http:\/\/antn.pt\/en\/wp-json\/wp\/v2\/pages"}],"about":[{"href":"http:\/\/antn.pt\/en\/wp-json\/wp\/v2\/types\/page"}],"author":[{"embeddable":true,"href":"http:\/\/antn.pt\/en\/wp-json\/wp\/v2\/users\/1"}],"replies":[{"embeddable":true,"href":"http:\/\/antn.pt\/en\/wp-json\/wp\/v2\/comments?post=1822"}],"version-history":[{"count":11,"href":"http:\/\/antn.pt\/en\/wp-json\/wp\/v2\/pages\/1822\/revisions"}],"predecessor-version":[{"id":1842,"href":"http:\/\/antn.pt\/en\/wp-json\/wp\/v2\/pages\/1822\/revisions\/1842"}],"up":[{"embeddable":true,"href":"http:\/\/antn.pt\/en\/wp-json\/wp\/v2\/pages\/1084"}],"wp:attachment":[{"href":"http:\/\/antn.pt\/en\/wp-json\/wp\/v2\/media?parent=1822"}],"curies":[{"name":"wp","href":"https:\/\/api.w.org\/{rel}","templated":true}]}}