{"id":1090,"date":"2025-06-01T11:21:03","date_gmt":"2025-06-01T11:21:03","guid":{"rendered":"https:\/\/antn.pt\/?page_id=1090"},"modified":"2025-06-01T13:12:31","modified_gmt":"2025-06-01T13:12:31","slug":"cinema-insuflavel","status":"publish","type":"page","link":"https:\/\/antn.pt\/en\/colaboracoes\/colaboracoes-nacionais\/cinema-insuflavel\/","title":{"rendered":"Cinema Insufl\u00e1vel"},"content":{"rendered":"<h4>INFLATABLE CINEMA<\/h4>\n<h4><span style=\"font-size: large;\"><p style=\"color:#7f747487;\"><strong>IDEIA, CONCE\u00c7\u00c3O E PROGRAMA\u00c7\u00c3O S\u00c9RGIO MARQUES | CINEMA<\/strong><\/p><\/span><\/h4>\n\n\n\n\n\n\n\n\n\n\n<p style=\"text-align: justify; color: white; font-family: Roboto; font-size: small;\">O <strong>Cinema Insufl\u00e1vel<\/strong> \u00e9 uma sala de cinema itinerante, para crian\u00e7as dos 3 aos 12 anos, que pode circular por todo o tipo de espa\u00e7os. Um cinema original e \u00fanico. Monta-se e desmonta-se em qualquer lugar e pode exibir qualquer tipo de programas e promover a verdadeira experi\u00eancia da sala de cinema.<br><br>\n<strong>Divertido. F\u00e1cil. Infinito.<\/strong><br><br>\nFazer circular uma sala de cinema pelo pa\u00eds, para crian\u00e7as, com programas que mostrem toda a diversidade da hist\u00f3ria do cinema e do cinema mais contempor\u00e2neo. Dentro do <strong>Cinema Insufl\u00e1vel<\/strong> a viagem pode ser proveniente de todos os cantos do mundo e trazer todos temas, a partir de obras de fic\u00e7\u00e3o, anima\u00e7\u00e3o, document\u00e1rios e cinema experimental.<br><br>\nDifundir filmes por territ\u00f3rios com pouca ou nenhuma exibi\u00e7\u00e3o de cinema e criar um ENCONTRO COM A ALTERIDADE, oferecendo novos conte\u00fados aos p\u00fablicos infantis.<br><br>\nEstabelecer sinergias com festivais, mostras e servi\u00e7os educativos, nacionais e internacionais, programadores e \u201cpassadores\u201d, de modo a que difundam os seus programas por territ\u00f3rios com d\u00e9fice de difus\u00e3o de obras cinematogr\u00e1ficas.<br><br>\nCriar programas exclusivos para cada territ\u00f3rio tendo em conta o seu contexto.\n<\/p>\n\n\n\n\n\n\n\n<strong>FICHA ART\u00cdSTICA<\/strong><br>projeto de <strong>S\u00c9RGIO MARQUES&nbsp;<\/strong><strong>| <\/strong>programadores convidados&nbsp;<strong>ABI FEIJ\u00d3, ANABELA MOUTINHO, CANDELA VARAS, CL\u00c1UDIA ALVES, LU\u00cdSA SEQUEIRA, JOS\u00c9 FILIPE COSTA, PAULA BACELAR, RAQUEL AZEVEDO, TIAGO RESENDE&nbsp;<\/strong><strong>| <\/strong>produ\u00e7\u00e3o <strong>ASSOCIA\u00c7\u00c3O CULTURAL FIGURA NACIONAL&nbsp;<\/strong><strong>| <\/strong>difus\u00e3o&nbsp;<strong>JOANA FERREIRA <\/strong>e <strong>MANUELA JORGE&nbsp;<\/strong><strong>| <\/strong>pr\u00e9mio <strong>ACESSO CULTURA&nbsp;<\/strong><strong>| <\/strong>apoios <strong>EUROPEAN CHILDREN&#8217;S FILM ASSOCIATION, EUROPA CINEMAS\/CREATIVE EUROPE MEDIA, ICA<\/strong><strong><br><br><a href=\"https:\/\/cinemainsuflavel.pt\/\">WWW.CINEMAINSUFLAVEL.PT<\/strong><\/a>","protected":false},"excerpt":{"rendered":"","protected":false},"author":1,"featured_media":0,"parent":1084,"menu_order":0,"comment_status":"closed","ping_status":"closed","template":"","meta":{"pagelayer_contact_templates":[],"_pagelayer_content":"","footnotes":""},"class_list":["post-1090","page","type-page","status-publish","hentry"],"_links":{"self":[{"href":"https:\/\/antn.pt\/en\/wp-json\/wp\/v2\/pages\/1090","targetHints":{"allow":["GET"]}}],"collection":[{"href":"https:\/\/antn.pt\/en\/wp-json\/wp\/v2\/pages"}],"about":[{"href":"https:\/\/antn.pt\/en\/wp-json\/wp\/v2\/types\/page"}],"author":[{"embeddable":true,"href":"https:\/\/antn.pt\/en\/wp-json\/wp\/v2\/users\/1"}],"replies":[{"embeddable":true,"href":"https:\/\/antn.pt\/en\/wp-json\/wp\/v2\/comments?post=1090"}],"version-history":[{"count":0,"href":"https:\/\/antn.pt\/en\/wp-json\/wp\/v2\/pages\/1090\/revisions"}],"up":[{"embeddable":true,"href":"https:\/\/antn.pt\/en\/wp-json\/wp\/v2\/pages\/1084"}],"wp:attachment":[{"href":"https:\/\/antn.pt\/en\/wp-json\/wp\/v2\/media?parent=1090"}],"curies":[{"name":"wp","href":"https:\/\/api.w.org\/{rel}","templated":true}]}}