{"id":1197,"date":"2025-07-27T13:31:09","date_gmt":"2025-07-27T13:31:09","guid":{"rendered":"https:\/\/antn.pt\/?page_id=1197"},"modified":"2025-11-25T20:27:47","modified_gmt":"2025-11-25T20:27:47","slug":"festival-theia-2025","status":"publish","type":"page","link":"https:\/\/antn.pt\/en\/projetos\/festival-theia\/festival-theia-2025\/","title":{"rendered":"Festival Theia 2025"},"content":{"rendered":"\n\n\n<h4>FESTIVAL THEIA<\/h4>\n<h4><span style=\"font-size: large;\"><p style=\"color:#7f747487;\"><strong>3\u00aa EDI\u00c7\u00c3O | 26 a 28 set 2025 | lous\u00e3<\/strong><\/p><\/span><\/h4>\n\n\n\n\n\n\n\n\n<span style=\"color:#888888; line-height:0.2;\">ALUNOS DOS CONSERVAT\u00d3RIOS DE M\u00daSICA DE COIMBRA E LISBOA E DO HOT CLUBE DE PORTUGAL [PT]<\/span><br><span style=\"font-size:13px; line-height:1.5;\"><strong>22 a 27 SET | 10H00 \u00e0s 19H00<\/strong><\/span><br><span style=\"font-size:12px; line-height:0.2;\">Museu Municipal Prof. \u00c1lvaro Viana de Lemos<\/span><br><button style=\"background: #74c493ff; color: white; font-family:'roboto'; font-size: 10px; font-variant: small-caps; font-weight: bold; border: none; margin: 0px; padding: 5px;\">RESID\u00caNCIA<\/button><\/strong><\/span>\n\n\n<span style=\"color:#888888; line-height:0.2;\">COMPOSI\u00c7\u00c3O NAZAR\u00c9 DA SILVA [PT]<\/span><br><span style=\"font-size:13px; line-height:1.5;\"><strong>22 a 27 SET | 10H00 \u00e0s 19H00<\/strong><\/span><br><span style=\"font-size:12px; line-height:0.2;\">Casa Carlos Reis<\/span><br><button style=\"background: #74c493ff; color: white; font-family:'roboto'; font-size: 10px; font-variant: small-caps; font-weight: bold; border: none; margin: 0px; padding: 5px;\">RESID\u00caNCIA<\/button><\/span>\n\n\n<span style=\"color:#888888; line-height:2;\">COMPOSI\u00c7\u00c3O MARIA FONSECA [PT] <\/span><span style=\"line-height:1;\"><span style=\"font-size:13px; line-height:1;\"><strong><br>sexta 26 SET | 21H30<br><\/strong><\/span><span style=\"line-height:1;\"><span style=\"font-size:12px;\"><span style=\"line-height:0.2;\">Teatro Municipal da Lous\u00e3<\/span><br><button style=\"background: #74c493ff; color: white; font-family:'roboto'; font-size: 10px; font-variant: small-caps; font-weight: bold; border: none; margin: 0px; padding: 5px;\">M\u00daSICA<\/button><button style=\"background: #9dbca9ff; color: white; font-family:'roboto'; font-size: 10px; font-variant: small-caps; font-weight: bold; border: none; margin: 5px; padding: 5px;\">M\/6<\/button><button style=\"background: #74c493ff; color: white; font-family:'roboto'; font-size: 10px; font-variant: small-caps; font-weight: bold; border: none; margin: 0px; padding: 5px;\">60 MINUTOS<\/button><\/span>\n\n\n\n\n\n\n\n\n\n\n\n\n<span style=\"color:#888888; line-height:2;\">LUCAS SANTOS QUARTETO [PT] <\/span><span style=\"line-height:1;\"><span style=\"font-size:13px; line-height:1;\"><strong><br>sexta 26 SET | 23H00<\/strong><\/span><br><span style=\"font-size:12px; line-height:0.2;\">Bar A Mina<\/span><br><button style=\"background: #74c493ff; color: white; font-family:'roboto'; font-size: 10px; font-variant: small-caps; font-weight: bold; border: none; margin: 0px; padding: 5px;\">M\u00daSICA<\/button><button style=\"background: #9dbca9ff; color: white; font-family:'roboto'; font-size: 10px; font-variant: small-caps; font-weight: bold; border: none; margin: 5px; padding: 5px;\">M\/6<\/button><button style=\"background: #74c493ff; color: white; font-family:'roboto'; font-size: 10px; font-variant: small-caps; font-weight: bold; border: none; margin: 0px; padding: 5px;\">60 MINUTOS<\/button><\/span>\n\n\n<span style=\"color:#888888; line-height:2;\">MONITORA BEATRIZ NUNES [PT] <\/span><span style=\"line-height:1;\"><span style=\"font-size:13px; line-height:1;\"> <strong><br>s\u00e1bado 27 SET&nbsp;<\/strong><\/span><span style=\"font-size:13px;\"><span style=\"line-height:1;\"><strong>| 11H30<\/strong><\/span><br><span style=\"font-size:12px; line-height:0.2;\"> Cafetaria do Teatro Municipal de Lous\u00e3<\/span><br><button style=\"background: #74c493ff; color: white; font-family:'roboto'; font-size: 10px; font-variant: small-caps; font-weight: bold; border: none; margin: 0px; padding: 5px;\">OFICINA<\/button><button style=\"background: #9dbca9ff; color: white; font-family:'roboto'; font-size: 10px; font-variant: small-caps; font-weight: bold; border: none; margin: 5px; padding: 5px;\">M\/6<\/button><button style=\"background: #74c493ff; color: white; font-family:'roboto'; font-size: 10px; font-variant: small-caps; font-weight: bold; border: none; margin: 0px; padding: 5px;\">60 MINUTOS<\/button><\/span>\n\n\n<span style=\"color:#888888; line-height:2;\">COMPOSI\u00c7\u00c3O RITA CARAVACA [PT] <\/span><span style=\"line-height:1;\"><span style=\"font-size:13px; line-height:1;\"> <strong><br>s\u00e1bado 27 SET&nbsp; <\/strong><\/span><span style=\"font-size:13px; line-height:1;\"><strong>| 19H00<\/strong><\/span><br><span style=\"font-size:12px; line-height:0.2;\">Audit\u00f3rio do Teatro Municipal da Lous\u00e3<\/span><br><button style=\"background: #74c493ff; color: white; font-family:'roboto'; font-size: 10px; font-variant: small-caps; font-weight: bold; border: none; margin: 0px; padding: 5px;\">M\u00daSICA<\/button><button style=\"background: #9dbca9ff; color: white; font-family:'roboto'; font-size: 10px; font-variant: small-caps; font-weight: bold; border: none; margin: 5px; padding: 5px;\">M\/6<\/button><button style=\"background: #74c493ff; color: white; font-family:'roboto'; font-size: 10px; font-variant: small-caps; font-weight: bold; border: none; margin: 0px; padding: 5px;\">60 MINUTOS<\/button><\/span>\n\n\n\n\n\n\n\n\n\n\n\n\n<span style=\"color:#888888; line-height:2;\">MARIA JO\u00c3O &#038; CARLOS BICA [PT] <\/span><span style=\"line-height:1;\"><span style=\"font-size:13px; line-height:1;\"> <strong><br>s\u00e1bado 27 SET&nbsp; <\/strong><\/span><span style=\"font-size:13px; line-height:1;\"><strong>| 21H30<\/strong><\/span><br><span style=\"font-size:12px; line-height:0.2;\">Audit\u00f3rio do Teatro Municipal da Lous\u00e3<\/span><br><button style=\"background: #74c493ff; color: white; font-family:'roboto'; font-size: 10px; font-variant: small-caps; font-weight: bold; border: none; margin: 0px; padding: 5px;\">M\u00daSICA<\/button><button style=\"background: #9dbca9ff; color: white; font-family:'roboto'; font-size: 10px; font-variant: small-caps; font-weight: bold; border: none; margin: 5px; padding: 5px;\">M\/6<\/button><button style=\"background: #74c493ff; color: white; font-family:'roboto'; font-size: 10px; font-variant: small-caps; font-weight: bold; border: none; margin: 0px; padding: 5px;\">75 MINUTOS<\/button><\/span>\n\n\n<span style=\"color:#888888; line-height:2;\">LUCAS SANTOS QUARTETO [PT] <\/span><span style=\"line-height:1;\"><span style=\"font-size:13px; line-height:1;\"><strong><br>s\u00e1bado 27 SET | 23H00<\/strong><\/span><br><span style=\"font-size:12px; line-height:0.2;\">Bar A Mina<\/span><br><button style=\"background: #74c493ff; color: white; font-family:'roboto'; font-size: 10px; font-variant: small-caps; font-weight: bold; border: none; margin: 0px; padding: 5px;\">M\u00daSICA<\/button><button style=\"background: #9dbca9ff; color: white; font-family:'roboto'; font-size: 10px; font-variant: small-caps; font-weight: bold; border: none; margin: 5px; padding: 5px;\">M\/6<\/button><button style=\"background: #74c493ff; color: white; font-family:'roboto'; font-size: 10px; font-variant: small-caps; font-weight: bold; border: none; margin: 0px; padding: 5px;\">60 MINUTOS<\/button><\/span>\n\n\n<span style=\"color:#888888; line-height:0.2;\">ALUNOS DOS CONSERVAT\u00d3RIOS DE M\u00daSICA DE COIMBRA E LISBOA E DO HOT CLUBE DE PORTUGAL [PT]<\/span><br><span style=\"font-size:13px; line-height:1.5;\"><strong>domingo 28 SET | 11H30<\/strong><\/span><br><span style=\"font-size:12px; line-height:0.2;\">Audit\u00f3rio do Teatro Municipal da Lous\u00e3<\/span><br><button style=\"background: #74c493ff; color: white; font-family:'roboto'; font-size: 10px; font-variant: small-caps; font-weight: bold; border: none; margin: 0px; padding: 5px;\">RESID\u00caNCIA<\/button><\/strong><\/span>\n\n\n\n\n\n\n\n\n\n\n\n\n<span style=\"color:#888888; line-height:2;\">MODERA\u00c7\u00c3O BEATRIZ NUNES [PT] <\/span><span style=\"line-height:1;\"><span style=\"font-size:13px; line-height:1;\"> <strong><br>domingo 28 SET | 15H00<\/strong><\/span><br><span style=\"line-height:1;\"> <span style=\"font-size:12px;\"><span style=\"line-height:0.2;\">Cafetaria do Teatro Municipal de Lous\u00e3<\/span><\/span><br><button style=\"background: #74c493ff; color: white; font-family:'roboto'; font-size: 10px; font-variant: small-caps; font-weight: bold; border: none; margin: 0px; padding: 5px;\">MESA REDONDA<\/button><button style=\"background: #9dbca9ff; color: white; font-family:'roboto'; font-size: 10px; font-variant: small-caps; font-weight: bold; border: none; margin: 5px; padding: 5px;\">M\/6<\/button><button style=\"background: #74c493ff; color: white; font-family:'roboto'; font-size: 10px; font-variant: small-caps; font-weight: bold; border: none; margin: 0px; padding: 5px;\">60 MINUTOS<\/button><\/span>\n\n\n<span style=\"color:#888888; line-height:2;\">COMPOSI\u00c7\u00c3O NAZAR\u00c9 DA SILVA [PT] <\/span><span style=\"line-height:1;\"><span style=\"font-size:13px; line-height:1;\"> <strong><br>domingo 28 SET | 16H30<\/strong><\/span><br><span style=\"line-height:1;\"> <span style=\"font-size:12px;\"><span style=\"line-height:0.2;\">Audit\u00f3rio do Teatro Municipal de Lous\u00e3<\/span><\/span><br><button style=\"background: #74c493ff; color: white; font-family:'roboto'; font-size: 10px; font-variant: small-caps; font-weight: bold; border: none; margin: 0px; padding: 5px;\">M\u00daSICA<\/button><button style=\"background: #9dbca9ff; color: white; font-family:'roboto'; font-size: 10px; font-variant: small-caps; font-weight: bold; border: none; margin: 5px; padding: 5px;\">M\/6<\/button><button style=\"background: #74c493ff; color: white; font-family:'roboto'; font-size: 10px; font-variant: small-caps; font-weight: bold; border: none; margin: 0px; padding: 5px;\">60 MINUTOS<\/button><\/span>\n\n\n\n\n\n\n\n\n\n\n\n\n\n\ncuradoria&nbsp;<strong>RITA MARIA&nbsp;| <\/strong>comiss\u00e3o das pe\u00e7as Ensemble Theia&nbsp;<strong>NAZAR\u00c9 DA SILVA&nbsp;<\/strong>|&nbsp;gest\u00e3o e produ\u00e7\u00e3o<strong>&nbsp;<\/strong><strong>JOANA FERREIRA <\/strong>e <strong>MANUELA JORGE | <\/strong>design <span style=\"color:#000000;\">gr\u00e1fico<strong> <\/strong><\/span><strong>UNITED BY<\/strong>\n\n\n\n\n\n\n\n\n\n\n<p style=\"text-align: justify; font-size:10px; color:#000000; line-height:2; font-weight:thin; font-family: roboto;\">O <strong>Festival Theia<\/strong>, em parceria com a ANTN (Ainda N\u00e3o Tem Nome, associa\u00e7\u00e3o cultural), emerge como um evento singular, dedicado \u00e0  excel\u00eancia art\u00edstica, inova\u00e7\u00e3o, originalidade, coer\u00eancia e excel\u00eancia em todas as suas atividades. \nCelebrando artistas, compositoras e int\u00e9rpretes contempor\u00e2neas no jazz, o festival destaca-se pela inova\u00e7\u00e3o ao apresentar l\u00edderes que se destacam n\u00e3o apenas como instrumentistas e  int\u00e9rpretes, mas tamb\u00e9m como compositoras e agentes ativas na moldagem  da realidade art\u00edstica e cultural.<br><br>\nO projeto assenta na constru\u00e7\u00e3o cuidadosa de um evento de sete dias, que compreende seis concertos, duas confer\u00eancias, uma resid\u00eancia art\u00edstica, uma instala\u00e7\u00e3o visual, um est\u00e1gio para alunos de jazz e sess\u00f5es de Jam,  sublinhado pelas <em>masterclasses <\/em>ministradas por artistas de  renome, nacionais e estrangeiras, proporcionando uma experi\u00eancia \u00fanica  para estudantes, m\u00fasicos profissionais e o p\u00fablico em geral.<br><br>\nAs Confer\u00eancias do <strong>Theia<\/strong> 2025, na sua terceira edi\u00e7\u00e3o,  prestam homenagem ao 25 de Abril, promovendo reflex\u00f5es sobre as vozes marginalizadas na m\u00fasica de protesto e cr\u00edtica pol\u00edtica. Adotando uma abordagem interdisciplinar, visando aproximar o conhecimento acad\u00e9mico, as pr\u00e1ticas art\u00edsticas e o p\u00fablico n\u00e3o especializado.\nO painel &#8220;Cantando a Resist\u00eancia: Mulheres na M\u00fasica de Interven\u00e7\u00e3o em Portugal&#8221; destaca a relev\u00e2ncia do festival ao abordar lacunas hist\u00f3ricas e \nquest\u00f5es contempor\u00e2neas.<br><br>\nContribuindo para o acervo composicional feminino, o <strong>Theia <\/strong>desafia desigualdades sociais, promovendo valores democr\u00e1ticos essenciais, como n\u00e3o-discrimina\u00e7\u00e3o e igualdade entre pessoas.\nO <strong>Festival Theia <\/strong>brilha como um farol de qualidade \nart\u00edstica, onde inova\u00e7\u00e3o, originalidade, coer\u00eancia e excel\u00eancia se \nentrela\u00e7am, elevando-o a um marco no cen\u00e1rio nacional e internacional de\n festivais dedicados \u00e0s mulheres na m\u00fasica.<\/span><\/p>\n\n\n\n\n\n\n\n\n\n\n\n\n\n\n\n<p><span style=\"font-size: x-small;\"><span style=\"\"><strong>Projeto financiado por<\/strong><\/span><\/span><\/p>\n\n\n<p><span style=\"font-size: x-small;\"><span style=\"\"><strong>Parceria<\/strong><\/span><\/span><\/p>\n\n\n<p><span style=\"font-size: x-small;\"><span style=\"\"><strong>Apoios<\/strong><\/span><\/span><\/p>\n\n\n<p><br><\/p>\n\n\n\n\n\n\n\n\n\n\n\n\n\n\n\n\n\n\n\n\n\n\n\n\n\n\n\n\n\n\n\n\n\n\n\n\n\n","protected":false},"excerpt":{"rendered":"","protected":false},"author":1,"featured_media":0,"parent":222,"menu_order":0,"comment_status":"closed","ping_status":"closed","template":"","meta":{"pagelayer_contact_templates":[],"_pagelayer_content":"","footnotes":""},"class_list":["post-1197","page","type-page","status-publish","hentry"],"_links":{"self":[{"href":"https:\/\/antn.pt\/en\/wp-json\/wp\/v2\/pages\/1197","targetHints":{"allow":["GET"]}}],"collection":[{"href":"https:\/\/antn.pt\/en\/wp-json\/wp\/v2\/pages"}],"about":[{"href":"https:\/\/antn.pt\/en\/wp-json\/wp\/v2\/types\/page"}],"author":[{"embeddable":true,"href":"https:\/\/antn.pt\/en\/wp-json\/wp\/v2\/users\/1"}],"replies":[{"embeddable":true,"href":"https:\/\/antn.pt\/en\/wp-json\/wp\/v2\/comments?post=1197"}],"version-history":[{"count":0,"href":"https:\/\/antn.pt\/en\/wp-json\/wp\/v2\/pages\/1197\/revisions"}],"up":[{"embeddable":true,"href":"https:\/\/antn.pt\/en\/wp-json\/wp\/v2\/pages\/222"}],"wp:attachment":[{"href":"https:\/\/antn.pt\/en\/wp-json\/wp\/v2\/media?parent=1197"}],"curies":[{"name":"wp","href":"https:\/\/api.w.org\/{rel}","templated":true}]}}