{"id":1264,"date":"2025-07-28T12:17:58","date_gmt":"2025-07-28T12:17:58","guid":{"rendered":"https:\/\/antn.pt\/?page_id=1264"},"modified":"2025-09-28T15:08:49","modified_gmt":"2025-09-28T15:08:49","slug":"jam-session","status":"publish","type":"page","link":"https:\/\/antn.pt\/en\/projetos\/festival-theia\/festival-theia-2025\/jam-session\/","title":{"rendered":"Jam Session"},"content":{"rendered":"\n\n\n<h4>FESTIVAL THEIA<\/h4>\n<h4><span style=\"font-size: large;\"><p style=\"color:#7f747487;\"><strong>3\u00aa EDI\u00c7\u00c3O | 2025<\/strong><br><\/p><\/span><\/h4>\n\n\n\n\n\n<span style=\"color:#000000;\"><p style=\"text-align:left\"><span style=\"font-size:small;\">JAM SESSIONS | LUCAS SANTOS QUARTETO<br>SEXTA, 26 DE SETEMBRO | 23H00<br>S\u00c1BADO, 27 DE SETEMBRO | 23H00<br>BAR A MINA | ENTRADA LIVRE, SUJEITA \u00c0 LOTA\u00c7\u00c3O DO BAR<br>60 MINUTOS | M\/6<\/span><\/p><\/span>\n\n\n<p style=\"text-align: justify; color:black;font-family: Roboto; font-size: small;\"><strong>JAM SESSIONS | LUCAS SANTOS QUARTETO<\/strong><br><br>Ap\u00f3s os concertos do Festival THEIA no Teatro Municipal, o esp\u00edrito do jazz continua vivo com duas imperd\u00edveis <strong>jam sessions<\/strong> que prometem prolongar a celebra\u00e7\u00e3o num ambiente intimista e descontra\u00eddo.\nA abrir cada noite, o <strong>Lucas Santos Quarteto<\/strong> \u2013 um grupo vibrante de estudantes da Escola Superior de M\u00fasica de Lisboa \u2013 apresenta composi\u00e7\u00f5es originais que refletem a criatividade da nova gera\u00e7\u00e3o de m\u00fasicos. Logo depois, as portas do palco abrem-se a todos: p\u00fablico, estudantes e profissionais s\u00e3o convidados a partilhar a sua m\u00fasica e improvisar juntos, num momento de comunh\u00e3o, liberdade criativa e partilha de experi\u00eancias.\nEstas sess\u00f5es s\u00e3o uma extens\u00e3o natural do Festival, onde o jazz \u00e9 vivido em todas as suas formas \u2013 com informalidade, encontro e express\u00e3o aut\u00eantica. Aqui fica o convite, venham celebrar a m\u00fasica e o talento emergente num espa\u00e7o onde todas as vozes s\u00e3o bem-vindas.<\/p>\n\n\n\n\n\n\n\n\n\n\n\n\n\n\n\n\n\ncoordena\u00e7\u00e3o e guitarra&nbsp;<strong>LUCAS SANTOS | <\/strong> interpreta\u00e7\u00e3o <strong>JULIANA MENDON\u00c7A&nbsp;<\/strong>[contrabaixo], <strong>VITOR FERNANDES&nbsp;<\/strong>[saxofone] e&nbsp;<strong>\u00cdRIS VALENTE&nbsp;<\/strong>[bateria]\n\n\n\n\n\n\n\n\n\n\n<span style=\"font-size:small;\"><span style=\"\"><span data-pts=\"\">Sem texto<\/span><\/span><\/span>\n<span style=\"font-size:small;\"><span style=\"\"><span data-pts=\"\">Acess\u00edvel a todos<\/span><\/span><\/span>\n\n\n\n\n\n\n\n\n<p style=\"text-align: justify; color:black;font-family: Roboto; font-size: 11px;\"><strong>BIOGRAFIAS<\/strong><br> \n<strong>LUCAS SANTOS<\/strong> concluiu o 5\u00ba grau de guitarra cl\u00e1ssica em 2020 e ingressa nesse mesmo ano no Curso Profissional de Instrumentista de Jazz, redirecionando o seu estudo para a guitarra el\u00e9trica. Ap\u00f3s a conclus\u00e3o do mesmo em 2023, continua a sua forma\u00e7\u00e3o profissional na Escola Superior de M\u00fasica de Lisboa, estudando com v\u00e1rios artistas de renome a n\u00edvel nacional tais como: Jo\u00e3o Mort\u00e1gua, Andreia Santos, Ricardo Formoso, Jo\u00e3o Firmino (Pir), Andr\u00e9 Fernandes, M\u00e1rio Delgado e muitos outros. Desde os 14 anos, escreve poemas e comp\u00f5e can\u00e7\u00f5es e em 2022 \u00e9 selecionado pela Blue House como um dos projetos vencedores do projeto \u201cMIC- M\u00fasica Independente de Coimbra\u201d permitindo-lhe gravar o seu primeiro single intitulado \u201cBorboleta\u201d, lan\u00e7ado a 2 de mar\u00e7o de 2022. Desde ent\u00e3o tem atuado em v\u00e1rios palcos com o seu projeto pessoal e como sideman: Convento de S\u00e3o Francisco, Grande Audit\u00f3rio do Conservat\u00f3rio de M\u00fasica de Coimbra, Sal\u00e3o Brazil, Festival Extremapura, etc..<br><br>\n<strong>JULIANA MENDON\u00c7A<\/strong> \u00e9 contrabaixista, natural da Madeira. Aos 17 anos ingressou no Curso Profissional de Instrumentista de Jazz no Conservat\u00f3rio &#8211; Escola Profissional das Artes da Madeira, em baixo el\u00e9trico e contrabaixo. \u00c9 licenciada em Jazz pela Escola Superior de M\u00fasica de Lisboa (ESML), em Contrabaixo, onde estudou com m\u00fasicos como Nelson Cascais, Bernardo Moreira, Afonso Pais, Filipe Melo, Jo\u00e3o Moreira, entre outros. Em 2022 fez parte do combo que representou a ESML na Festa do Jazz, galardoado com o pr\u00e9mio de Melhor Ensemble. Atualmente integra diversos projetos como Off on A Comet, Eunice Barbosa Quarteto e Maria Carvalho Quinteto. Integrou ainda a Orquestra de Jazz do Funchal em concerto com o saxofonista Perico Sambeat. Passou j\u00e1 por diversos festivais como Moazz, Jazz in Avenida Funchal Jazz, Loul\u00e9 Jazz, Loures Wine and Jazz, BeJazz, Gr\u00e2ndola Vila Jazz.<br><br><strong>VITOR FERNANDES &#8230;<\/strong><br><br>\n<strong>\u00cdRIS VALENTE<\/strong> \u00e9 baterista natural de Aveiro. Com 16 anos ingressou no Curso profissional instrumentista de Jazz em Coimbra onde fez o seu secund\u00e1rio, em bateria. Em 2023 fez parte do combo que representou o Conservat\u00f3rio de Coimbra na Festa do Jazz, onde ganhou a Men\u00e7\u00e3o Honrosa do Combo e a Men\u00e7\u00e3o Honrosa de Instrumentista. Atualmente est\u00e1 a tirar licenciatura na universidade de \u00c9vora com professores como Eduardo Lopes, Andr\u00e9 Fernandes, Claus Nymark, Pedro Pinto&#8230;\n<\/p>\n\n\n\n\n\n\n<p><span style=\"font-size: x-small;\"><span style=\"\"><strong>Projeto financiado por<\/strong><\/span><\/span><\/p>\n\n\n<p><span style=\"font-size: x-small;\"><span style=\"\"><strong>Parceria<\/strong><\/span><\/span><\/p>\n\n\n<p><span style=\"font-size: x-small;\"><span style=\"\"><strong>Apoios<\/strong><\/span><\/span><\/p>\n\n\n<p><br><\/p>\n\n\n\n\n\n\n\n\n\n\n\n\n\n\n\n\n\n\n\n\n\n\n\n\n\n\n\n","protected":false},"excerpt":{"rendered":"","protected":false},"author":1,"featured_media":0,"parent":1197,"menu_order":0,"comment_status":"closed","ping_status":"closed","template":"","meta":{"pagelayer_contact_templates":[],"_pagelayer_content":"","footnotes":""},"class_list":["post-1264","page","type-page","status-publish","hentry"],"_links":{"self":[{"href":"https:\/\/antn.pt\/en\/wp-json\/wp\/v2\/pages\/1264","targetHints":{"allow":["GET"]}}],"collection":[{"href":"https:\/\/antn.pt\/en\/wp-json\/wp\/v2\/pages"}],"about":[{"href":"https:\/\/antn.pt\/en\/wp-json\/wp\/v2\/types\/page"}],"author":[{"embeddable":true,"href":"https:\/\/antn.pt\/en\/wp-json\/wp\/v2\/users\/1"}],"replies":[{"embeddable":true,"href":"https:\/\/antn.pt\/en\/wp-json\/wp\/v2\/comments?post=1264"}],"version-history":[{"count":0,"href":"https:\/\/antn.pt\/en\/wp-json\/wp\/v2\/pages\/1264\/revisions"}],"up":[{"embeddable":true,"href":"https:\/\/antn.pt\/en\/wp-json\/wp\/v2\/pages\/1197"}],"wp:attachment":[{"href":"https:\/\/antn.pt\/en\/wp-json\/wp\/v2\/media?parent=1264"}],"curies":[{"name":"wp","href":"https:\/\/api.w.org\/{rel}","templated":true}]}}