{"id":1418,"date":"2026-02-07T16:25:14","date_gmt":"2026-02-07T16:25:14","guid":{"rendered":"https:\/\/antn.pt\/?page_id=1418"},"modified":"2026-02-08T17:58:00","modified_gmt":"2026-02-08T17:58:00","slug":"outras-linhas","status":"publish","type":"page","link":"https:\/\/antn.pt\/en\/projetos\/outras-linhas\/","title":{"rendered":"Outras Linhas"},"content":{"rendered":"<h4>OUTRAS LINHAS<\/h4>\n<h4><span style=\"font-size: large;\"><p style=\"color:#7f747487;\"><strong>PROGRAMA\u00c7\u00c3O AO LONGO DO ANO | CONCELHO DE GR\u00c2NDOLA<\/strong><\/p><\/span><\/h4>\n\n\n\n\n<h6 style=\"font-family: Roboto; color: rgb(136, 136, 136); text-align: left; font-size: medium;\">RESID\u00caNCIAS ART\u00cdSTICAS 2025\/26<\/h6>\n\n\n\n\n\n\n\n<p style=\"font-size: 15px; color: rgb(68, 68, 68); text-align: justify; text-justify: inter-word; margin: 0px;\">CONCORDAN\u00c7AS<br><\/p><p style=\"font-size:11px; color:#0000000; text-align:justify; text-justify:inter-word; margin:0;\"><br>RESID\u00caNCIA ART\u00cdSTICA<br>Companhia ConCorda<br><br>05 a 12 outubro 2025<br>\nPolidesportivo do Carvalhal, Gr\u00e2ndola<br><br>Concebido como uma homenagem viva \u00e0 cultura popular portuguesa, ConcorDan\u00e7as prop\u00f5e um di\u00e1logo entre as dan\u00e7as tradicionais, os trajes regionais e as sonoridades populares com as linguagens contempor\u00e2neas do circo, como o malabarismo, a acrobacia, o teatro f\u00edsico e a manipula\u00e7\u00e3o de objetos. Num formato acess\u00edvel e festivo, o espet\u00e1culo ir\u00e1 transportar o p\u00fablico para um universo onde a tradi\u00e7\u00e3o e a experimenta\u00e7\u00e3o se entrela\u00e7am, revisitando a identidade coletiva atrav\u00e9s do corpo em movimento.<br><br>dire\u00e7\u00e3o art\u00edstica <strong>CATARINA GAMEIRO <\/strong>e <strong>MARIANA FRAZ\u00c3O <\/strong>| mentoria <strong>JORGE CRUZ<\/strong> | interpreta\u00e7\u00e3o <strong>CATARINA GAMEIRO, DIOGO ESPERAN\u00c7A ALVES, JOS\u00c9 AZEVEDO <\/strong>e <strong>MARIANA FRAZ\u00c3O<\/strong> | apoio <strong>REP\u00daBLICA PORTUGUESA &#8211; MINIST\u00c9RIO DA CULTURA, JUVENTUDE E DESPORTO\/DGARTES, MUNIC\u00cdPIO DE GR\u00c2NDOLA, JUNTA DE FREGUESIA DO CARVALHAL, FUNDA\u00c7\u00c3O GDA <\/strong>|coprodu\u00e7\u00e3o e apoio \u00e0s resid\u00eancias <strong>OUTDOOR ARTS PORTUGAL\/B\u00daSSOLA, 23 MILHAS\/MUNIC\u00cdPIO DE \u00cdLHAVO, CASA VARELA\/MUNIC\u00cdPIO DE POMBAL<\/strong><\/p>\n\n\n\n\n\n\n\n<p style=\"font-size: 15px; color: rgb(68, 68, 68); text-align: justify; text-justify: inter-word; margin: 0px;\">FOCUS<br><\/p><p style=\"font-size:11px; color:#0000000; text-align:justify; text-justify:inter-word; margin:0;\"><br>RESID\u00caNCIA ART\u00cdSTICA<br>Groupe ZUR<br><br>11 a 21 abril 2026<br>\nSal\u00e3o de Festas do Lousal e espa\u00e7o exterior Mina do Lousal, Gr\u00e2ndola<br><br><strong>FOCUS<\/strong> \u00e9 um cruzamento entre espet\u00e1culo e interven\u00e7\u00e3o in situ. Ser\u00e1 composto por 10 artistas em cena, para 300 espectadores por sess\u00e3o. Os espectadores ser\u00e3o convidados a deambular entre um espa\u00e7o central e 5-6 \u201cfagulhas\u201d, distribu\u00eddas no espa\u00e7o em forma de constela\u00e7\u00e3o. <strong>FOCUS <\/strong>s\u00f3 pode come\u00e7ar ap\u00f3s o cair da noite e pode durar 2h30, caso seja apresentado sob a forma de sess\u00f5es cont\u00ednuas. Ser\u00e1 um espa\u00e7o \u201cpovoado\u201d: povoado de \u00e1rvores, de curvas sinuosas, de recantos, de salas, de pra\u00e7as ou pracetas. N\u00e3o ser\u00e1 completamente vazio, aberto, a descoberto.<br><br>equipa art\u00edstica em altern\u00e2ncia <strong>CHRISTOPHE AUGER, NIELS BEHNING, AURORE BAUDOUIN, DAVID BOIDIN, \u00c9VELYNE CAILLET, PAOLO CARDONA, RAPHA\u00cbL DALAINE, ST\u00c9PHANE DELAUNAY, NICOLAS GALLARD, BERTRAND GROISARD, OLIVIER GUILLEMAIN, GWEN LABARTA, LOREDANA LANCIANO, PHILIPPE LEFEBVRE, J\u00c9R\u00d4ME LUBIN, JEAN-FRAN\u00c7OIS ORILLON, SORAYA SANHAJI<\/strong> | apoios e coprodu\u00e7\u00f5es <strong>GROUPE ZUR, ALAREP (PDL), R\u00c9SEAU RISOTTO (IDF), AINDA N\u00c3O TEM NOME (PORTUGAL),\nCNAREP LE PARAPLUIE, SCENE CONVENTIONN\u00c8E D\u2019INTERET NATIONAL ART ET CREATION LE CARROI, AGGLO LAVAL, CNAREP LE MOULIN FONDU<\/strong><\/p>\n\n\n\n\n<h6 style=\"font-family: Roboto; color: rgb(136, 136, 136); text-align: left; font-size: medium;\">ESPET\u00c1CULOS 2026<\/h6>\n\n\n\n\n\n\n\n<p style=\"font-size: 15px; color: rgb(68, 68, 68); text-align: justify; text-justify: inter-word; margin: 0px;\">O CENTRO DO MUNDO<\/p><p style=\"font-size:11px; color:#0000000; text-align:justify; text-justify:inter-word; margin:0;\"><br>ANA BORRALHO E JO\u00c3O GALANTE<br>casaBranca, associa\u00e7\u00e3o cultural<br><br>\nLocal e data a anunciar<br><br>A obra <strong>O CENTRO DO MUNDO <\/strong>capta e explora viv\u00eancias individuais num ambiente partilhado, onde se esbatem as fronteiras entre o real e o virtual, e se forma uma comunidade num tempo indeterminado. A dupla Ana Borralho &#038; Jo\u00e3o Galante convida a entrar numa instala\u00e7\u00e3o de luz e som, introduzindo uma realidade paralela, que nos envolve, atrav\u00e9s de \u00f3culos de realidade virtual. A visita de personagens e seus testemunhos torna o p\u00fablico alvo constante de olhares exteriores, colocando-o, em simult\u00e2neo, no centro do espet\u00e1culo e fora de si mesmo; submerso nas contradi\u00e7\u00f5es do sujeito contempor\u00e2neo.\nEnquanto o labirinto ps\u00edquico se configura como centro do mundo, a multiplica\u00e7\u00e3o de personagens heterog\u00e9neas que v\u00e3o questionando a sua pr\u00f3pria exist\u00eancia, dilui e subverte a no\u00e7\u00e3o de identidade. No terreno da pluralidade s\u00e3o desmantelados todos os dualismos, passando o interior e o exterior, a alma e o corpo, a estabelecer uma comunica\u00e7\u00e3o permanente.<br><br>conceito, dire\u00e7\u00e3o art\u00edstica e c\u00e2mara de v\u00eddeo <strong>ANA BORRALHO &#038; JO\u00c3O GALANTE<\/strong> | performers <strong>ANA FREITAS, GUSTAVA SUMPTA, IN\u00caS C\u00d3IAS, JOANA BERNARDO, MARIA ANTUNES, MARCO MENDON\u00c7A<\/strong> | figura\u00e7\u00e3o <strong>JOANA M\u00c1RIO, VIT\u00d3RIA GOMES MOLDER, \u00d3SCAR (c\u00e3o)<\/strong> | desenho de luz <strong>JOANA M\u00c1RIO<\/strong> | banda original, grava\u00e7\u00e3o e desenho de som <strong>COOLGATE<\/strong> | texto <strong>A PARTIR DE TEXTOS RETIRADOS DO TIKTOK<\/strong> | apoio dramat\u00fargico <strong>FERNANDO J. RIBEIRO<\/strong> | edi\u00e7\u00e3o v\u00eddeo 360\u00ba <strong>MICAEL ESPINHA<\/strong> | efeitos especiais <strong>RV DAVID GABRIEL<\/strong> |  masteriza\u00e7\u00e3o som <strong>PEDRO AUGUSTO<\/strong> | casting e guarda-roupa <strong>ALMA MAR<\/strong> | maquilhagem <strong>SARA MARQUES DE OLIVEIRA<\/strong> | assist\u00eancia art\u00edstica <strong>DANIEL MATOS<\/strong> | produ\u00e7\u00e3o <strong>CASABRANCA associa\u00e7\u00e3o cultural <\/strong>| \ndire\u00e7\u00e3o de produ\u00e7\u00e3o e difus\u00e3o <strong>CLARA SAMPAIO, ANDREA SOZZI<\/strong> | produ\u00e7\u00e3o executiva <strong>RITA CONDE<\/strong> | dire\u00e7\u00e3o executiva e administrativa <strong>M\u00d3NICA SAM\u00d5ES<\/strong> | apoio \u00e0 administra\u00e7\u00e3o <strong>TERESA SERRA NUNES<\/strong> | comunica\u00e7\u00e3o <strong>THIS IS GROUND CONTROL<\/strong> | coprodu\u00e7\u00e3o <strong>TEATRO DO BAIRRO ALTO, CINETEATRO LOULETANO, TEATRO VIRIATO<\/strong> | apoios <strong>TEATRO MEIA VOLTA E DEPOIS \u00c0 ESQUERDA QUANDO EU DISSER, TEATRO DO VESTIDO, TEATRO DA VOZ \/ PRODU\u00c7\u00d5ES REAL PEL\u00c1GIO, MSM STUDIO, DUPLACENA \/ TEMPS D\u2019IMAGES<\/strong><br>\nA casaBranca \u00e9 uma estrutura financiada pela Rep\u00fablica Portuguesa \u2013 Cultura \/ Dire\u00e7\u00e3o Geral das Artes\n<\/p>\n\n\n\n\n\n\n\n\n\n\n\n\n\n\n\n<p><span style=\"font-size: x-small;\"><span style=\"\"><strong>Projeto financiado por<\/strong><\/span><\/span><\/p>\n\n\n<p><span style=\"font-size: x-small;\"><span style=\"\"><strong>Apoios<\/strong><\/span><\/span><\/p>\n\n\n<p><br><\/p>","protected":false},"excerpt":{"rendered":"","protected":false},"author":1,"featured_media":0,"parent":2,"menu_order":0,"comment_status":"closed","ping_status":"closed","template":"","meta":{"pagelayer_contact_templates":[],"_pagelayer_content":"","footnotes":""},"class_list":["post-1418","page","type-page","status-publish","hentry"],"_links":{"self":[{"href":"https:\/\/antn.pt\/en\/wp-json\/wp\/v2\/pages\/1418","targetHints":{"allow":["GET"]}}],"collection":[{"href":"https:\/\/antn.pt\/en\/wp-json\/wp\/v2\/pages"}],"about":[{"href":"https:\/\/antn.pt\/en\/wp-json\/wp\/v2\/types\/page"}],"author":[{"embeddable":true,"href":"https:\/\/antn.pt\/en\/wp-json\/wp\/v2\/users\/1"}],"replies":[{"embeddable":true,"href":"https:\/\/antn.pt\/en\/wp-json\/wp\/v2\/comments?post=1418"}],"version-history":[{"count":17,"href":"https:\/\/antn.pt\/en\/wp-json\/wp\/v2\/pages\/1418\/revisions"}],"predecessor-version":[{"id":1871,"href":"https:\/\/antn.pt\/en\/wp-json\/wp\/v2\/pages\/1418\/revisions\/1871"}],"up":[{"embeddable":true,"href":"https:\/\/antn.pt\/en\/wp-json\/wp\/v2\/pages\/2"}],"wp:attachment":[{"href":"https:\/\/antn.pt\/en\/wp-json\/wp\/v2\/media?parent=1418"}],"curies":[{"name":"wp","href":"https:\/\/api.w.org\/{rel}","templated":true}]}}