{"id":222,"date":"2024-10-23T13:44:24","date_gmt":"2024-10-23T13:44:24","guid":{"rendered":"https:\/\/antn.pt\/?page_id=222"},"modified":"2025-11-24T22:24:46","modified_gmt":"2025-11-24T22:24:46","slug":"festival-theia","status":"publish","type":"page","link":"https:\/\/antn.pt\/en\/projetos\/festival-theia\/","title":{"rendered":"THEIA Festival"},"content":{"rendered":"<h4>THEIA Festival<br><\/h4>\n\n\n\n\n\n\n\n<p style=\"text-align: justify; color:black;font-family: Roboto; font-size: 12px;\">O nome que d\u00e1 origem ao festival bebe inspira\u00e7\u00e3o da Tit\u00e2nide grega Theia, associada ao poder da Vis\u00e3o e \u00e0 Luz\/Ilumina\u00e7\u00e3o atrav\u00e9s da profecia, \u00e9 ela a m\u00e3e de Helios O Sol, Eos A Aurora e Selene A Lua.<br>\nNuma realidade de crescente consci\u00eancia sobre o papel feminino na sociedade e o seu reconhecimento, aparece o primeiro festival inteiramente dedicado \u00e0s artistas, compositoras e int\u00e9rpretes contempor\u00e2neas do nosso Pa\u00eds. Todas as l\u00edderes participantes deste festival se distinguem, n\u00e3o s\u00f3 serem instrumentistas e int\u00e9rpretes, mas tamb\u00e9m compositoras, agentes criadoras, que ativamente moldam a realidade art\u00edstica e cultural dos tempos presentes.<br>\nEsse \u00e9 um dos elementos diferenciadores de todas as iniciativas que at\u00e9 agora possam ter existido em Portugal.<br><br>\nA grande aposta da programa\u00e7\u00e3o do <strong>Theia<\/strong> \u00e9 dar a conhecer o trabalho de excel\u00eancia que se faz na \u00e1rea do jazz contempor\u00e2neo, m\u00fasica erudita\/explorat\u00f3ria.<br><br>Tal como o conceito da mulher-aranha, de Louise Bourgeois, o <strong>Theia <\/strong>quer expandir os limites do que o p\u00fablico conhece e espera da Mulher no Jazz. A mulher artista desdobra-se em ambival\u00eancias, o contacto com essa realidade far\u00e1 mais jus \u00e0 multiplicidade art\u00edstica do seu trabalho, tornando certamente mais rica a experi\u00eancia do grande p\u00fablico.\nBrincando com a pr\u00f3pria ambival\u00eancia da palavra e das refer\u00eancias, o <strong>Theia <\/strong>inevitavelmente pretende estender a sua \u201cteia\u201d para, n\u00e3o s\u00f3 se tornar um marco no panorama nacional, criando o acesso a modelos art\u00edsticos femininos, como tamb\u00e9m integrante do roteiro de festivais internacionais, podendo assim estabelecer no futuro, parcerias com a comunidade al\u00e9m-fronteiras.\n\n\n\n\n\n\n\n\n\n\n\n<br>\n\n\n<br>\n\n\n<br>\n\n\n\n\n\n\n\n\n\n\n\n<p style=\"text-align: justify; color:black;font-family: Roboto; font-size: 11px;\"><strong>BIOGRAFIA<\/strong><br> \n<strong>Rita Maria<\/strong> estudou canto l\u00edrico no Conservat\u00f3rio Nacional M\u00fasica de Lisboa, Jazz na Escola de Jazz do Barreiro, ESMAE e na Berklee College of Music em Boston. Passou parte da sua vida entre Portugal, E.U.A. e Equador. Deambula entre a improvisa\u00e7\u00e3o do Jazz e a nostalgia do Fado, o Experimentalismo, a fus\u00e3o com World Music e o Rock. <br>\nCantou com m\u00fasicos como M\u00e1rio Laginha, Carlos Bica, Filipe Raposo, Nuno Costa, Jo\u00e3o Paulo E. da Silva, Andr\u00e9 Fernandes, Albert Sanz, Afonso Pais, M\u00e1rio Franco, Lu\u00eds Figueiredo, Jos\u00e9 Eduardo, Jo\u00e3o Barradas, Sara Serpa, Andr\u00e9 Matos, Paula Sousa, Elias Meister, Ziv Ravitz, Cris Case, Yago V\u00e1zquez, Alex Alvear, Igor Icaza, Mar\u00eda Tejada, Donald R\u00e9gnier, entre outros. \n<br>Colaborou com a Orquestra de Jazz de Matosinhos, Orquestra de Jazz do Hot Clube de Portugal, Big Band J\u00fanior, Orquestra Andina. Gravou com e para Elias Meister, Yeray Jim\u00e9nez, Nuno Costa, Jo\u00e3o Firmino, Afonso Pais, Kiko Pereira, Lu\u00eds Figueiredo, Am\u00e9lia Muge, R\u00e3o Kyao, Lars Arens Band Larga, Dixie Gang, Sayuri Shimizu, BBJ. \n<br>Participou no projeto do compositor equatoriano Igor Icaza e tamb\u00e9m com o grupo de Rock Sal y Mileto. Desde 15 \u00e9 cantora da Banda Stockholm Lisboa Project. \n<br>Lan\u00e7a, em 16, com Afonso Pais, o disco <strong>Al\u00e9m das Horas<\/strong>. \u00c9 cantora da banda Saga Cega, com \u00e1lbum de estreia em 17. <br>\nComo professora: Escola de Jazz Luiz Villas Boas; professora e coordenadora do Departamento de Canto da Universidad de Las Am\u00e9ricas, Quito; professora convidada do GMI (Nova Deli); coordenadora do Departamento de Canto do USFQ College of Music (Univ. San Francisco de Quito). \nRecebeu o Pr\u00e9mio de Artista do Ano, Pr\u00e9mios RTP\/Festa do Jazz 2018. \n<br>Faz parte, com M\u00e1rio Franco e Lu\u00eds Figueiredo, do trio C\u00edrculo, que d\u00e1 origem \u00e0 Editora discogr\u00e1fica RODA Independent Music, da qual \u00e9 cofundadora. \n<br>Atualmente desenvolve o seu trabalho art\u00edstico com Filipe Raposo, com quem j\u00e1 lan\u00e7ou 2 discos. \nFaz parte do Quang Ny Lys, com Jo\u00e3o Mort\u00e1gua e Man\u00e9 Fernandes; do trio de m\u00fasica contempor\u00e2nea, com Martin Sued e Bernardo Couto. Foi professora no Departamento de Jazz da Universidade de Den Haag, Holanda. <br>\nA convite de Joana Ferreira e Manuela Jorge, diretoras art\u00edsticas do Centro Cultural da Malaposta entre 2019 e 2024, concebeu e \u00e9 curadora do <strong>Festival THEIA<\/strong> desde a sua 1\u00aa edi\u00e7\u00e3o em 2022.\n\n\n\n\n\n\n\n\n\n\n\n<p><span style=\"font-size: x-small;\"><span style=\"\"><strong>Projeto financiado por<\/strong><\/span><\/span><\/p>\n\n\n<p><span style=\"font-size: x-small;\"><span style=\"\"><strong>Parceria<\/strong><\/span><\/span><\/p>\n\n\n<p><span style=\"font-size: x-small;\"><span style=\"\"><strong>Apoios<\/strong><\/span><\/span><\/p>\n\n\n<p><br><\/p>","protected":false},"excerpt":{"rendered":"","protected":false},"author":1,"featured_media":0,"parent":2,"menu_order":0,"comment_status":"closed","ping_status":"closed","template":"","meta":{"pagelayer_contact_templates":[],"_pagelayer_content":"","footnotes":""},"class_list":["post-222","page","type-page","status-publish","hentry"],"_links":{"self":[{"href":"https:\/\/antn.pt\/en\/wp-json\/wp\/v2\/pages\/222","targetHints":{"allow":["GET"]}}],"collection":[{"href":"https:\/\/antn.pt\/en\/wp-json\/wp\/v2\/pages"}],"about":[{"href":"https:\/\/antn.pt\/en\/wp-json\/wp\/v2\/types\/page"}],"author":[{"embeddable":true,"href":"https:\/\/antn.pt\/en\/wp-json\/wp\/v2\/users\/1"}],"replies":[{"embeddable":true,"href":"https:\/\/antn.pt\/en\/wp-json\/wp\/v2\/comments?post=222"}],"version-history":[{"count":0,"href":"https:\/\/antn.pt\/en\/wp-json\/wp\/v2\/pages\/222\/revisions"}],"up":[{"embeddable":true,"href":"https:\/\/antn.pt\/en\/wp-json\/wp\/v2\/pages\/2"}],"wp:attachment":[{"href":"https:\/\/antn.pt\/en\/wp-json\/wp\/v2\/media?parent=222"}],"curies":[{"name":"wp","href":"https:\/\/api.w.org\/{rel}","templated":true}]}}