{"id":421,"date":"2024-11-05T16:36:40","date_gmt":"2024-11-05T16:36:40","guid":{"rendered":"https:\/\/antn.pt\/?page_id=421"},"modified":"2025-06-01T11:04:56","modified_gmt":"2025-06-01T11:04:56","slug":"trilogia-das-cores","status":"publish","type":"page","link":"https:\/\/antn.pt\/en\/em-circulacao\/trilogia-das-cores\/","title":{"rendered":"Trilogy of Colors"},"content":{"rendered":"<h4>TRILOGIA DAS CORES<br><\/h4>\n<h4><span style=\"font-size: large;\"><p style=\"color:#7f747487;\"><strong><a href=\"https:\/\/antn.pt\/en\/ocre\/\">\u00d8cre vol.1<\/a>&nbsp; | <a href=\"https:\/\/antn.pt\/en\/obsidiana\/\">\u00d8bsidiana vol.2<\/a> | <a href=\"https:\/\/antn.pt\/en\/variacoes-do-branco\/\">VARIA\u00c7\u00d5ES DO BRANC\u00d8 VOL.3<\/a><\/strong><br><\/p><\/span><\/h4>\n\n\n\n\n\n\n\n\n\n<p style=\"text-align: justify; color: white; font-family: Roboto; font-size: small;\"><strong>\u00d8CRE <\/strong>e <strong>\u00d8BSIDIANA <\/strong>fazem parte da <strong>Trilogy of Colors<\/strong>, ensaio sonoro e visual que parte da reflex\u00e3o art\u00edstica sobre a influ\u00eancia de tr\u00eas cores: vermelho (<strong>\u00d8CRE <\/strong>&#8211; 2020), preto (<strong>\u00d8BSIDIANA <\/strong>&#8211; 2022) e branco (<strong>VARIA\u00c7\u00d5ES DO BRANC\u00d8<\/strong> &#8211; 2025). Sistema tern\u00e1rio que representa, desde a Antiguidade Cl\u00e1ssica, um papel simb\u00f3lico.<br><br>\n<em>\u201cA rela\u00e7\u00e3o entre cor e m\u00fasica est\u00e1 presente na forma de escutar o som. Os encadeamentos harm\u00f3nicos e a forma como cada acorde \u00e9 formado representa para mim um jogo de tens\u00f5es que, de forma sinest\u00e9sica, podem representar diferentes cores.<br>\nO projecto <strong>\u00d8CRE<\/strong>, <strong>\u00d8BSIDIANA <\/strong>e <strong>VARIA\u00c7\u00d5ES DO BRANC\u00d8<\/strong> \u00e9 uma trilogia de discos que se fundamenta na reflex\u00e3o art\u00edstica sobre a influ\u00eancia destas 3 cores ao longo da Hist\u00f3ria e na forma como me moldaram enquanto ser humano, compositor e pianista.<br>\nA cor surge neste trabalho como chave essencial na dramaturgia composicional podendo ter uma dimens\u00e3o metaf\u00f3rica e simb\u00f3lica, evocando o pr\u00f3prio nascimento da arte. O sistema tern\u00e1rio das cores \u2014 vermelho, preto e branco \u2014 representa, desde a Antiguidade Cl\u00e1ssica, um papel simb\u00f3lico, tendo tamb\u00e9m manifesta import\u00e2ncia nas tradi\u00e7\u00f5es pag\u00e3s e crist\u00e3s.\nFacilmente se reconhecem tra\u00e7os de car\u00e1ter associados \u00e0s tr\u00eas cores: o branco evoca a sabedoria e a virtude, o vermelho a c\u00f3lera e o preto o erro e pecado. <br>\nBastante difundida pela teologia crist\u00e3, a tens\u00e3o entre o branco e o preto como representantes ex\u00edmios do bem e do mal, da luz e das trevas ainda tem eco nos tempos presentes. Enquanto cores opostas apoiaram a divis\u00e3o do mundo em dois, obrigando cada indiv\u00edduo a fazer a sua escolha pessoal e a posicionar-se.<br><br>\nAs cores que d\u00e3o nome aos discos s\u00e3o varia\u00e7\u00f5es crom\u00e1ticas do vermelho \u2013 <strong>\u00d8CRE <\/strong>(2019) -, do preto &#8211; <strong>\u00d8BSIDIANA <\/strong>(2022) &#8211; e do branco &#8211; <strong>VARIA\u00c7\u00d5ES DO BRANC\u00d8 <\/strong>(2025)\u201d. <\/em><br><br>Filipe Raposo<\/p>\n\n\n\n\n\n\n\n\u201cFilipe Raposo \u00e9 um not\u00e1vel alquimista dos sons, algu\u00e9m capaz de processar criativamente os materiais que o rodeiam e de sintetizar aquilo a que, com propriedade, chama de \u00abuniverso simb\u00f3lico-art\u00edstico\u00bb<strong>.<\/strong>\u201d\n<strong>Ant\u00f3nio Branco, Jazz Pt<\/strong>\n\n\n\n\n\n\n\n\n\n\n\n\n\n\n\n<span style=\"font-family:Roboto;\"><strong>CALENDAR<\/strong><\/span>\n<p><span style=\"font-family:Roboto;\"><span style=\"font-size:small;\"><strong>2025<\/strong><\/span><\/span><br><\/p>\n\n\n\n\n<span style=\"font-size:large;\"><span style=\"font-family:Roboto;\"><p style=\"color:white;\">VARIA\u00c7\u00d5ES DO BRANC\u00d8<span style=\"font-size:small;\"> <br>TRILOGIA DAS CORES<span style=\"background-color:#000000;\"><\/span><\/span><span style=\"background-color:#000000;\"><br><\/span><\/p><\/span><\/span>\n\n\n<span style=\"font-size:small;\"><strong>24 ABR<\/strong> | CENTRO CULTURAL DE BEL\u00c9M<\/span><span style=\"font-size:small;\"><strong>, <\/strong>Lisboa<strong><br><\/strong><\/span>\n\n\n\n\n<p><span style=\"font-family:Roboto;\"><span style=\"font-size:small;\"><strong>2024<\/strong><\/span><\/span><br><\/p>\n\n\n\n\n<span style=\"font-size:large;\"><span style=\"font-family:Roboto;\"><p style=\"color:white;\">\u00d8BSIDIANA<span style=\"background-color:#000000;\"><br><\/span><\/p><\/span><\/span>\n\n\n<span style=\"font-size:small;\"><strong>27 ABR<\/strong> | SANTA CASA JAZZ FEST<\/span><span style=\"font-size:small;\">, Lisboa<strong><br><\/strong><\/span>\n\n\n\n\n<p><span style=\"font-family:Roboto;\"><span style=\"font-size:small;\"><strong>2023<\/strong><\/span><\/span><br><\/p>\n\n\n\n\n<span style=\"font-size:large;\"><span style=\"font-family:Roboto;\"><p style=\"color:white;\">\u00d8BSIDIANA<span style=\"background-color:#000000;\"><br><\/span><\/p><\/span><\/span>\n\n\n<span style=\"font-size:small;\"><strong>25 JUL<\/strong> | FESTAS DE LOURES | JARDIM ROSA BASTOS<\/span><span style=\"font-size:small;\"><strong>, <\/strong>Loures<strong><br><\/strong><\/span>","protected":false},"excerpt":{"rendered":"","protected":false},"author":1,"featured_media":0,"parent":329,"menu_order":0,"comment_status":"closed","ping_status":"closed","template":"","meta":{"pagelayer_contact_templates":[],"_pagelayer_content":"","footnotes":""},"class_list":["post-421","page","type-page","status-publish","hentry"],"_links":{"self":[{"href":"https:\/\/antn.pt\/en\/wp-json\/wp\/v2\/pages\/421","targetHints":{"allow":["GET"]}}],"collection":[{"href":"https:\/\/antn.pt\/en\/wp-json\/wp\/v2\/pages"}],"about":[{"href":"https:\/\/antn.pt\/en\/wp-json\/wp\/v2\/types\/page"}],"author":[{"embeddable":true,"href":"https:\/\/antn.pt\/en\/wp-json\/wp\/v2\/users\/1"}],"replies":[{"embeddable":true,"href":"https:\/\/antn.pt\/en\/wp-json\/wp\/v2\/comments?post=421"}],"version-history":[{"count":0,"href":"https:\/\/antn.pt\/en\/wp-json\/wp\/v2\/pages\/421\/revisions"}],"up":[{"embeddable":true,"href":"https:\/\/antn.pt\/en\/wp-json\/wp\/v2\/pages\/329"}],"wp:attachment":[{"href":"https:\/\/antn.pt\/en\/wp-json\/wp\/v2\/media?parent=421"}],"curies":[{"name":"wp","href":"https:\/\/api.w.org\/{rel}","templated":true}]}}