{"id":446,"date":"2024-11-05T17:41:56","date_gmt":"2024-11-05T17:41:56","guid":{"rendered":"https:\/\/antn.pt\/?page_id=446"},"modified":"2025-06-01T11:05:50","modified_gmt":"2025-06-01T11:05:50","slug":"ocre","status":"publish","type":"page","link":"https:\/\/antn.pt\/en\/em-circulacao\/ocre\/","title":{"rendered":"\u00d8cre"},"content":{"rendered":"\n\n\n<h4>\u00d8CRE<br><\/h4>\n<h4><span style=\"font-size: large;\"><p style=\"color:#7f747487;\"><strong>TRILOGIA DAS CORES | VOL.1<\/strong><br><\/p><\/span><\/h4>\n\n\n\n\n\n\n\n<p style=\"text-align: justify; color: black; font-family: Roboto; font-size: small;\"><em>\u201cPerceber a cor, as cores, e o seu simbolismo, representados desde a pintura ao cinema, da literatura ao teatro, \u00e9 perceber tamb\u00e9m a Humanidade, de onde vimos e para onde vamos. Sendo esta uma das minhas quest\u00f5es fundamentais, uma das minhas maiores inquieta\u00e7\u00f5es, neste ensaio sonoro a cor e a m\u00fasica passam a estar intimamente ligadas naquilo que \u00e9 o meu universo simb\u00f3lico-art\u00edstico.<br><br>\nSomos atra\u00eddos pela cor, forma, textura, harmonia de uma dada obra de arte, o que significa que primeiro fomos cativados pela obra e s\u00f3 depois equacionamos a sua ess\u00eancia e valor.<br><br>\nEnquanto criador pretendo despertar este interesse no ouvinte, nos sons que escuto e que escrevo, na organiza\u00e7\u00e3o do caos pr\u00e9-composicional ou na destrui\u00e7\u00e3o da suposta ordem esperada. Compor ou estar em frente ao piano implica, antes de mais, saber escutar o passado, estar atento \u00e0 primeira manifesta\u00e7\u00e3o de arte que sabemos existir, conseguir recuar e continuar a ser um elo desse primeiro golpe de asa que nos elevou da condi\u00e7\u00e3o animal e nos colocou na condi\u00e7\u00e3o de deuses.<br>\nCom a arte descobrimos a forma de representar os nossos mitos, torn\u00e1-los vis\u00edveis e palp\u00e1veis.<br><br>\nEspero que os mitos de que sou feito sejam partilhados por quem escuta este disco <strong>\u00d8CRE<\/strong>. O pigmento que est\u00e1 presente desde o nascimento da arte, nas primeiras representa\u00e7\u00f5es pict\u00f3ricas e esculturais, ganha assim uma dimens\u00e3o sonora.\u201d<\/em><br><br>\nFilipe Raposo<\/p>\n\n\n\n\n\n<p style=\"text-align: justify; color: black; font-family: Roboto; font-size: 11px;\"><strong>FICHA ART\u00cdSTICA<\/strong><br> \npiano <strong>FILIPE RAPOSO | <\/strong>produ\u00e7\u00e3o musical <strong>FILIPE RAPOSO <\/strong><strong>| <\/strong>participa\u00e7\u00e3o especial<strong> RITA MARIA | <\/strong>grava\u00e7\u00e3o e masteriza\u00e7\u00e3o <strong>ANDR\u00c9 TAVARES\/ATL\u00c2NTICO BLUE STUDIOS | <\/strong>design<strong> PAULA DELECAVE | <\/strong>fotografia<strong> ANT\u00d3NIO MARINHO SILVA | <\/strong>produ\u00e7\u00e3o executiva <strong>JOANA COSTA SANTOS | <\/strong>difus\u00e3o <strong>JOANA FERREIRA\/ANTN<\/strong><strong> | <\/strong>apoio <strong>SPA, AGECOP, FUNDA\u00c7\u00c3O GDA<br><\/strong>\nlan\u00e7amento<strong> MAR 2019<\/strong><strong><br><\/strong>\n\n\n\n\n\n\n\n\n\n\n\n\n\n\n\n\n<p style=\"text-align: justify; color: black; font-family: Roboto; font-size: 11px;\"><strong>BIOGRAFIA<\/strong><br> \n<strong>Filipe Raposo<\/strong> \u00e9 pianista, compositor e orquestrador. Iniciou os seus estudos de piano no Conservat\u00f3rio Nacional de Lisboa e concluiu o mestrado em Piano Jazz Performance pelo Royal College of Music (Estocolmo), tendo sido bolseiro da Royal Music Academy of Stockholm. \u00c9 licenciado em Composi\u00e7\u00e3o pela Escola Superior de M\u00fasica de Lisboa.\nEnquanto compositor, orquestrador e pianista, tem colaborado com in\u00fameras orquestras europeias, apresentando-se a solo ou com diferentes forma\u00e7\u00f5es em festivais internacionais. Colaborou em concertos e em grava\u00e7\u00f5es discogr\u00e1ficas com alguns dos principais nomes da m\u00fasica portuguesa.\nDesde 2004, colabora com a Cinemateca Portuguesa como pianista residente no acompanhamento de filmes mudos. A convite desta institui\u00e7\u00e3o, comp\u00f4s e gravou a banda sonora para as edi\u00e7\u00f5es em DVD de filmes portugueses do cinema mudo: <strong>Lisboa, Cr\u00f3nica Aned\u00f3tica<\/strong>, de Leit\u00e3o de Barros (men\u00e7\u00e3o honrosa no festival Il Cinema Ritrovato, em Bolonha); <strong>O T\u00e1xi n.\u00ba 9297<\/strong>, de Reinaldo Ferreira; <strong>O Primo Bas\u00edlio, Frei Bonif\u00e1cio, Barba Negra<\/strong> e <strong>Primo Bas\u00edlio<\/strong> de Georges Pallu; <strong>Nazar\u00e9, Praia de Pescadores<\/strong>, de Leit\u00e3o de Barros.\nTrabalha tamb\u00e9m regularmente como compositor em cinema e teatro. Autor da m\u00fasica original do document\u00e1rio <strong>Um Corpo que Dan\u00e7a \u2013 Ballet Gulbenkian 1965-2005<\/strong>, de Marco Martins. Em 2022 realizou, em parceria com Ant\u00f3nio Jorge Gon\u00e7alves, o document\u00e1rio <strong>O Nascimento da Arte.<\/strong> No mesmo ano escreveu a \u00f3pera <strong>As Cortes de J\u00fapiter<\/strong> (Gil Vicente), com encena\u00e7\u00e3o de Ricardo Neves-Neves. <br>\nEm nome pr\u00f3prio, editou os discos: \n<strong>First Falls<\/strong> [Pr\u00e9mio Artista Revela\u00e7\u00e3o Funda\u00e7\u00e3o Am\u00e1lia \u2013 2011] | <strong>A Hundred Silent Ways<\/strong> (2013) | <strong>Inquietude<\/strong> (2015) | <strong>Rita Maria &amp; Filipe Raposo Live in Oslo<\/strong> (2018) | <strong>\u00d8cre<\/strong> <strong>vol.1<\/strong> (2019) | <strong>The Art of Song vol.1: When Barroque Meets Jazz<\/strong> (2020) | <strong>\u00d8bsidiana vol.2<\/strong> (2022) | <strong>The Art of Song vol.2: Between Sacred and Profane<\/strong> (2023).\n\n\n\n\n\n\n\n\n\n\n","protected":false},"excerpt":{"rendered":"","protected":false},"author":1,"featured_media":0,"parent":329,"menu_order":0,"comment_status":"closed","ping_status":"closed","template":"","meta":{"pagelayer_contact_templates":[],"_pagelayer_content":"","footnotes":""},"class_list":["post-446","page","type-page","status-publish","hentry"],"_links":{"self":[{"href":"https:\/\/antn.pt\/en\/wp-json\/wp\/v2\/pages\/446","targetHints":{"allow":["GET"]}}],"collection":[{"href":"https:\/\/antn.pt\/en\/wp-json\/wp\/v2\/pages"}],"about":[{"href":"https:\/\/antn.pt\/en\/wp-json\/wp\/v2\/types\/page"}],"author":[{"embeddable":true,"href":"https:\/\/antn.pt\/en\/wp-json\/wp\/v2\/users\/1"}],"replies":[{"embeddable":true,"href":"https:\/\/antn.pt\/en\/wp-json\/wp\/v2\/comments?post=446"}],"version-history":[{"count":0,"href":"https:\/\/antn.pt\/en\/wp-json\/wp\/v2\/pages\/446\/revisions"}],"up":[{"embeddable":true,"href":"https:\/\/antn.pt\/en\/wp-json\/wp\/v2\/pages\/329"}],"wp:attachment":[{"href":"https:\/\/antn.pt\/en\/wp-json\/wp\/v2\/media?parent=446"}],"curies":[{"name":"wp","href":"https:\/\/api.w.org\/{rel}","templated":true}]}}