{"id":931,"date":"2025-05-02T20:15:35","date_gmt":"2025-05-02T20:15:35","guid":{"rendered":"https:\/\/antn.pt\/?page_id=931"},"modified":"2026-02-14T14:45:54","modified_gmt":"2026-02-14T14:45:54","slug":"damocles","status":"publish","type":"page","link":"https:\/\/antn.pt\/en\/projetos\/festival-la-1\/damocles\/","title":{"rendered":"Damocl\u00e8s"},"content":{"rendered":"\n\n\n<h4>FESTIVAL LA-1<br><\/h4>\n<h4><span style=\"font-size: large;\"><p style=\"color:#7f747487;\"><strong>1\u00aa EDI\u00c7\u00c3O | 20 a 22 fev 2026 | GR\u00c2NDOLA<\/strong><br><\/p><\/span><\/h4>\n\n\n\n\n\n<p style=\"text-align:left;\"> <span style:color:=\"style:color:\"><span style=\"font-size:small;\">CIRCO CONTEMPOR\u00c2NEO | CIRCO PARTICIPATIVO<strong><br>DOMINGO, 22 FEV 2026 | 16H30<\/strong><br>PARQUE DE FEIRAS E EXPOSI\u00c7\u00d5ES, GR\u00c2NDOLA<br>M\/6 | ENTRADA LIVRE<br>50 MINUTOS<\/span><\/span><\/p>\n\n\n<p style=\"text-align: justify; color:black;font-family: Roboto; font-size: small;\"><strong>DAMOCL\u00c8S<\/strong><strong><br><\/strong><br>Um espet\u00e1culo participativo de escuta e de coopera\u00e7\u00e3o.<br>\nO risco existe. Em todo o lado, a todo o momento. O arriscar d\u00e1 um sabor muito particular e colorido \u00e0 nossa vida. O risco est\u00e1 cheio de virtudes e leva-nos \u00e0 reflex\u00e3o sobre as nossas a\u00e7\u00f5es e \u00e0 nossa intera\u00e7\u00e3o com os outros. Atrav\u00e9s deste espet\u00e1culo participativo, o p\u00fablico volta a controlar as suas zonas de conforto e desconforto. A escuta natural de um grupo de indiv\u00edduos leva-os a agir coletivamente perante um potencial obst\u00e1culo. A experi\u00eancia coletiva perante um perigo \u00e9 extremamente rica em significado e provoca a reflex\u00e3o.<br>\nSer\u00e1 que ainda podemos confiar uns nos outros e iniciar uma a\u00e7\u00e3o comum perante uma dificuldade? Ser\u00e1 que todos podemos ser potenciais l\u00edderes do grupo?<br> \n\u00c9, portanto, \u201cjuntos\u201d que o convidamos a viver \u201cDamocl\u00e8s\u201d. Um espet\u00e1culo do qual os elementos do p\u00fablico s\u00e3o os criadores, para n\u00e3o dizer os her\u00f3is!<\/p>\n<p style=\"text-align: justify; color:black;font-family: Roboto; font-size: small;\"><strong>CIRQUE INEXTREMISTE [FR]<\/strong><br><br>A companhia foi criada em 1998, com o nome de As Pa de Ma\u00efoun. Rapidamente adquiriu um chapiteau e, ao longo dos anos, tem vindo a cruzar dan\u00e7a, artes de rua e m\u00fasica. O espet\u00e1culo \u201cInextremiste\u201d nasceu em 2007, centrado num trampolim e garrafas de g\u00e1s, sob a dire\u00e7\u00e3o de Yann Ecauvre, com um percurso at\u00edpico e autodidata. Em 2009, a companhia passa a chamar-se Cirque Inextremiste. \u201cExtr\u00eamit\u00e9s\u201d \u00e9 criado em 2012, utilizando como equipamentos t\u00e1buas e\u2026 garrafas de g\u00e1s! Na mesma din\u00e2mica delirante, o segundo ato, denominado \u201cExtension\u201d, surge em 2014. Entre 2015 e 2017, a equipa do Cirque Inextremiste cresce para a cria\u00e7\u00e3o de dois novos espet\u00e1culos: um baile espetacular, \u201cExtreme Night Fever\u201d, e um espet\u00e1culo de rua de grande formato centrado\u2026 numa bal\u00e3o de ar quente, \u201cExit\u201d. Em 2018, Yann prop\u00f5e um novo espet\u00e1culo de equil\u00edbrio intitulado \u201cDamocl\u00e8s\u201d. Esta forma participativa questiona a confian\u00e7a que depositamos uns nos outros perante uma dificuldade.<\/p>\n\n\n\n\n\n\n\n\n\n\n\n\n\n<p style=\"text-align:justify; text-justify:inter-word; margin:0; line-height:1;\">\n<span style=\"color:#000000; font-size: 10px;\">ideia e dire\u00e7\u00e3o art\u00edstica&nbsp;<strong>YANN ECAUVRE | <\/strong>interpreta\u00e7\u00e3o <strong>FABRICE DOMINICI | <\/strong>dire\u00e7\u00e3o t\u00e9cnica<strong> ROMAIN GANDON | <\/strong>produ\u00e7\u00e3o<strong> J\u00c9R\u00d4ME SOUCHET <\/strong>| administra\u00e7\u00e3o <strong>ANNE CHARDONNEAU<\/strong> | comunica\u00e7\u00e3o <strong>LAETITIA BARANGER | <\/strong>produ\u00e7\u00e3o <strong>CIRQUE INEXTREMISTE<\/strong><br><br>O <strong>CIRQUE INEXTREMISTE&nbsp;<\/strong>\u00e9 financiado pelo <strong>MINIST\u00c9RIO DA CULTURA E DA COMUNICA\u00c7\u00c3O<\/strong> (Direction R\u00e9gionale des Affaires Culturelles des Pays de la Loire)<\/span><\/p>\n\n\n\n\n\n\n\n\n\n\n<span style=\"font-size:small;\"><span style=\"\"><span data-pts=\"\">Com texto<\/span><\/span><\/span>\n<span style=\"font-size:small;\"><span style=\"\"><span data-pts=\"\">Acess\u00edvel a todos<\/span><\/span><\/span>\n\n\n\n\n\n\n\n\n\n\n\n\n\n\n\n\n\n<div pagelayer-id=\"jlk8679\" class=\"p-jlk8679 pagelayer-video pagelayer-ele\" pagelayer-tag=\"pl_video\"><!-- {\"attr\":{\"src\":\"\",\"video_ratio\":\"aspect-8-5\",\"overlay\":\"true\",\"video_overlay_image\":250,\"play_icon\":\"fas fa-play-circle\",\"icon_color\":\"#74c493ff\",\"icon_size\":\"80\"},\"tmp\":{\"video_overlay_image-full-url\":\"https:\/\/antn.pt\/wp-content\/uploads\/2024\/10\/6_cieLimmediate.jpg\",\"video_overlay_image-thumbnail-url\":\"https:\/\/antn.pt\/wp-content\/uploads\/2024\/10\/6_cieLimmediate-150x150.jpg\",\"video_overlay_image-medium-url\":\"https:\/\/antn.pt\/wp-content\/uploads\/2024\/10\/6_cieLimmediate-300x200.jpg\",\"video_overlay_image-medium_large-url\":\"https:\/\/antn.pt\/wp-content\/uploads\/2024\/10\/6_cieLimmediate-768x512.jpg\",\"video_overlay_image-large-url\":\"https:\/\/antn.pt\/wp-content\/uploads\/2024\/10\/6_cieLimmediate-1024x683.jpg\",\"video_overlay_image-1536x1536-url\":\"https:\/\/antn.pt\/wp-content\/uploads\/2024\/10\/6_cieLimmediate.jpg\",\"video_overlay_image-2048x2048-url\":\"https:\/\/antn.pt\/wp-content\/uploads\/2024\/10\/6_cieLimmediate.jpg\",\"video_overlay_image-url\":\"https:\/\/antn.pt\/wp-content\/uploads\/2024\/10\/6_cieLimmediate.jpg\",\"video_overlay_image-alt\":\"LA L\u00c9VITATION R\u00c9ELLE\",\"video_overlay_image-title\":\"LA L\u00c9VITATION R\u00c9ELLE\",\"video_overlay_image-link\":\"https:\/\/antn.pt\/6_cielimmediate\/\",\"video_overlay_image-caption\":\"\",\"ele_id\":\"jlk8679\"}} -->\n<div class=\"pagelayer-video-holder pagelayer-video-aspect-8-5\">\n\t\t\t\n\t\t\t\n\t\t\t\t<div class=\"pagelayer-video-overlay\" style=\"background-image:url(https:\/\/antn.pt\/wp-content\/uploads\/2024\/10\/6_cieLimmediate.jpg);\">\n\t\t\t\t\t<i class=\"fas fa-play-circle\" aria-hidden=\"true\"><\/i>\n\t\t\t\t<\/div>\n\t\t\t\n\t\t<\/div><\/div>\n\n\n\n\n\n\n\n\n\n\n\n\n\n\n\n\n\n<p style=\"text-align: justify; color:black;font-family: Roboto; font-size: small;\"><strong>OFICINA DE EQUILIBRISMO<br><\/strong><br>Esta oficina convida os participantes a descobrir e a aperfei\u00e7oar-se na realiza\u00e7\u00e3o de equil\u00edbrios em diferentes materiais. Concentra\u00e7\u00e3o, sustenta\u00e7\u00e3o e alinhamento ser\u00e3o as bases da aprendizagem e que permitir\u00e3o evoluir para as diferentes figuras, em fun\u00e7\u00e3o do n\u00edvel de cada um.<br><span style=\"font-variant:small-caps; font-variant-caps:small-caps;\">Monitor <strong>fabrice dominici<\/strong><\/span><\/p>\n<span style=\"color:#000000;\"><p style=\"text-align:right\"><span style=\"font-size:small;\"><span style=\"\">Parque de Feiras e Exposi\u00e7\u00f5es, Gr\u00e2ndola<\/span><\/span><span style=\"font-size:small;\"><strong><br>domingo, 22 fev 2026 | 10h30<\/strong><br>lota\u00e7\u00e3o m\u00e1xima 15 participantes [duplas pais e filhos]<br>m\/6 | 90 minutos<\/span><\/p><\/span>\n\n<p style=\"text-align: right; color: rgb(136, 136, 136); font-family: Roboto; font-size: 11px;\">ou copie o nosso endere\u00e7o de email : oficinas.antn@gmail.com<\/p>\n\n\n\n\n\n\n\n\n\n<p style=\"text-align: justify; color:black;font-family: Roboto; font-size: small;\"><strong>FABRICE DOMINICI<br><\/strong>Encenador e cocriador: malabarista e acompanhante de objetos voadores \u00fanicos e po\u00e9ticos. Clown sem nariz \u00e0 procura de verdadeiras cat\u00e1strofes interiores ou circenses. Em busca de momentos \u00fanicos do quotidiano que fazem sonhar, estremecer ou enlouquecer completamente. \u00c9 criador e int\u00e9rprete nas companhias Bikes and Rabbits e Inextr\u00e9miste.<\/p>\n\n\n\n\n\n\n\n\n<p style=\"font-size: x-small; text-align: center;\"><strong>FINANCIADO POR<\/strong><\/p>\n\n\n\n\n\n\n\n\n\n\n\n\n\n\n\n\n\n<p style=\"font-size: x-small; text-align: center;\"><strong>COM O APOIO DE<\/strong><\/p>\n\n\n\n\n\n\n\n\n<p style=\"font-size: x-small; text-align: center;\"><strong>PARCEIROS<\/strong><\/p>\n\n\n\n\n\n\n\n\n\n\n\n\n","protected":false},"excerpt":{"rendered":"","protected":false},"author":1,"featured_media":0,"parent":245,"menu_order":0,"comment_status":"closed","ping_status":"closed","template":"","meta":{"pagelayer_contact_templates":[],"_pagelayer_content":"","footnotes":""},"class_list":["post-931","page","type-page","status-publish","hentry"],"_links":{"self":[{"href":"https:\/\/antn.pt\/en\/wp-json\/wp\/v2\/pages\/931","targetHints":{"allow":["GET"]}}],"collection":[{"href":"https:\/\/antn.pt\/en\/wp-json\/wp\/v2\/pages"}],"about":[{"href":"https:\/\/antn.pt\/en\/wp-json\/wp\/v2\/types\/page"}],"author":[{"embeddable":true,"href":"https:\/\/antn.pt\/en\/wp-json\/wp\/v2\/users\/1"}],"replies":[{"embeddable":true,"href":"https:\/\/antn.pt\/en\/wp-json\/wp\/v2\/comments?post=931"}],"version-history":[{"count":17,"href":"https:\/\/antn.pt\/en\/wp-json\/wp\/v2\/pages\/931\/revisions"}],"predecessor-version":[{"id":1952,"href":"https:\/\/antn.pt\/en\/wp-json\/wp\/v2\/pages\/931\/revisions\/1952"}],"up":[{"embeddable":true,"href":"https:\/\/antn.pt\/en\/wp-json\/wp\/v2\/pages\/245"}],"wp:attachment":[{"href":"https:\/\/antn.pt\/en\/wp-json\/wp\/v2\/media?parent=931"}],"curies":[{"name":"wp","href":"https:\/\/api.w.org\/{rel}","templated":true}]}}